{"version":"1.0","provider_name":"                           Fiatalos blog","provider_url":"https:\/\/fiatalosblog.cafeblog.hu","author_name":"Iluss\u2665","author_url":"https:\/\/fiatalosblog.cafeblog.hu\/author\/iluss%e2%99%a5\/","title":"Elsz\u00e1m\u00edtva","html":"<div><\/div>Ebb\u0151l se lesz ma medenc\u00e9z\u00e9s. Nagyon v\u00e1rtam m\u00e1r az est\u00e9t, hogy belemehessek a medenc\u00e9be, de szomor\u00faan vettem tudom\u00e1sul, hogy HIDEG A V\u00cdZ :( Tal\u00e1n majd holnapra felmelegszik, \u00e9s v\u00e9gre h\u0171s\u00f6lhetek :) Itt a k\u00e9p -&gt;&gt;<br><br>Iluss\u2665<br><br><div><a href=\"http:\/\/4.bp.blogspot.com\/-YMmZbwfFASg\/T_B8uj8sRMI\/AAAAAAAAAC0\/lmqPC_kw6e8\/s1600\/DSC02439.JPG\"><img border=\"0\" height=\"400\" src=\"https:\/\/fiatalosblog.cafeblog.hu\/files\/2012\/07\/DSC02439.jpg\" width=\"300\"><\/a><\/div><br>","type":"rich"}